{"id":2430,"date":"2019-05-30T13:13:29","date_gmt":"2019-05-30T11:13:29","guid":{"rendered":"http:\/\/arkadruk.pl\/?page_id=2430"},"modified":"2023-05-26T10:21:53","modified_gmt":"2023-05-26T08:21:53","slug":"polityka-prywatnosci-2","status":"publish","type":"page","link":"https:\/\/arkadruk.pl\/en\/polityka-prywatnosci-2\/","title":{"rendered":"Polityka prywatno\u015bci"},"content":{"rendered":"\r\n<p>\r\nDEFINICJE<\/p>\r\n\r\n\r\n\r\n<p><strong>ADMINISTRATOR<\/strong> \u2013 WYDAWNICTWO ARKA Z SIEDZIB\u0104 43-400 CIESZYN ul. B\u0141OGOCKA 28,  NIP PL 5482126899 <\/p>\r\n\r\n\r\n\r\n<p><strong>U\u017bYTKOWNIK\/KLIENT<\/strong>\r\n\u2013 ka\u017cda osoba fizyczna odwiedzaj\u0105ca stron\u0119 www. lub korzystaj\u0105ca\r\ncho\u0107by z jednej oferowanych przez Administratora us\u0142ug.<\/p>\r\n\r\n\r\n\r\n<p><strong>RODO\r\n\u2013<\/strong> Rozporz\u0105dzenie Parlamentu\r\nEuropejskiego i Rady(UE) 2016\/679 z dnia 27 kwietnia 2016 r. w\r\nsprawie ochrony os\u00f3b fizycznych w zwi\u0105zku z przetwarzaniem danych\r\nosobowych i w sprawie swobodnego przep\u0142ywu takich danych oraz\r\nuchylenia dyrektywy 95\/46\/WE<\/p>\r\n\r\n\r\n\r\n<p><strong>POLITYKA\r\n\u2013 <\/strong>niniejsza POLITYKA\r\nPRYWATNO\u015aCI<\/p>\r\n\r\n\r\n\r\n<p>POLITYKA\r\nPRYWATNO\u015aCI<\/p>\r\n\r\n\r\n\r\n<p>Maj\u0105c\r\nna uwadze poufno\u015b\u0107 danych i ochron\u0119 prywatno\u015bci os\u00f3b\r\nkorzystaj\u0105cych z naszych us\u0142ug stanowi to dla nas kwesti\u0105\r\npriorytetow\u0105. W zwi\u0105zku z tym w trosce o bezpiecze\u0144stwo ich danych\r\noraz respektuj\u0105c obowi\u0105zuj\u0105ce przepisy prawa, Administrator\r\nustanowi\u0142 polityk\u0119 okre\u015blaj\u0105c\u0105 zasady dotycz\u0105ce sposobu\r\nprzetwarzania i wykorzystywania danych osobowych.<\/p>\r\n\r\n\r\n\r\n<p><strong>ADMINISTRATOR<\/strong><\/p>\r\n\r\n\r\n\r\n<p>Administratorem\r\ndanych osobowych jest WYDAWNICTWO ARKA z siedzib\u0105 w Cieszynie 43-400\r\nul. B\u0142ogocka 28 tel. 33 858 20 13 NIP PL 5482126899. Wydawnictwo\r\nArka jest wydawnictwem Ko\u015bcio\u0142a Zielono\u015bwi\u0105tkowego w RP z\r\nsiedzib\u0105 w Warszawie ul. Sienna 68\/70. Ko\u015bci\u00f3\u0142 Zielono\u015bwi\u0105tkowy\r\nprowadzi polityk\u0119 ochrony danych osobowych zgodn\u0105 z Dyrektyw\u0105 \r\nEuropejsk\u0105 przez Regulamin Ochrony Danych Osobowych przez powo\u0142anie\r\nKomisji Ochrony Danych Osobowych, gdzie Przewodnicz\u0105cy tej Komisji\r\njest Inspektorem Ochrony Danych.<\/p>\r\n\r\n\r\n\r\n<p><strong>CZYM S\u0104 DANE OSOBOWE?<\/strong><\/p>\r\n\r\n\r\n\r\n<p>Dane\r\nosobowe to, zgodnie z RODO informacje o zidentyfikowanej lub mo\u017cliwej\r\ndo zidentyfikowania osobie fizycznej. W przypadku korzystania z\r\nnaszego Wydawnictwa, takimi danymi s\u0105: imi\u0119, nazwisko, adres\r\nzamieszkania, adres e-mailowy, adres IP, numer telefonu.<\/p>\r\n\r\n\r\n\r\n<p>Dane\r\nosobowe mog\u0105 by\u0107 zapisywane w plikach cookies lub podobnych\r\ntechnologiach .<\/p>\r\n\r\n\r\n\r\n<p><strong>PODSTAWA I CEL PRZETWARZANIA<\/strong><\/p>\r\n\r\n\r\n\r\n<p>Przetwarzanie\r\ndanych osobowych odbywa si\u0119 zgodnie z prawem i przepisami RODO.<\/p>\r\n\r\n\r\n\r\n<p>Celem\r\nprzetwarzania danych jest realizacja us\u0142ug i zapis\u00f3w um\u00f3w w celu\r\nich realizacji. W ramach um\u00f3w zawartych oraz w celu obs\u0142ugi\r\nreklamacji. W ramach prawnie uzasadnionych interes\u00f3w poprzez\r\noferowanie us\u0142ug, w celach marketingowych, w celach\r\nadministracyjnych i pracowniczych.<\/p>\r\n\r\n\r\n\r\n<p><strong>ZAKRES ZBIERANYCH DANYCH OSOBOWYCH<\/strong><\/p>\r\n\r\n\r\n\r\n<p>Administrator gromadzi i przetwarza nast\u0119puj\u0105ce dane osobowe:<\/p>\r\n\r\n\r\n\r\n<p>-informacje uwierzytelniaj\u0105ce s\u0142u\u017c\u0105ce rejestracji i logowaniu,<br>-podstawowe dane osobowe: imi\u0119, nazwisko, adres,numer dowodu osobistego, pesel, numer konta bankowego w celu zawarcia lub realizacji umowy, a tak\u017ce \u015bwiadczenia us\u0142ug.<br>-dane kontaktowe: numer telefonu i adres e-mail, dane z formularza kontaktowego,<br>-dane o p\u0142atno\u015bciach,<br>-dane identyfikuj\u0105ce p\u0142atnika: imi\u0119 i nazwisko adres, lub nazwa firmy, adres siedziby, NIP niezb\u0119dne do wystawienia faktury lub innego dokumentu.<\/p>\r\n\r\n\r\n\r\n<p><strong>OKRES PRZECHOWYWANIA DANYCH OSOBOWYCH<\/strong><\/p>\r\n\r\n\r\n\r\n<p>Okres, przez kt\u00f3ry dane osobowe b\u0119d\u0105 przechowywane:<\/p>\r\n\r\n\r\n\r\n<p>-w przypadku zawarciu lub wykonania umowy oraz wype\u0142nienia obowi\u0105zku prawnego przez Administratora b\u0119d\u0105 przechowywane przez okres obowi\u0105zywania umowy, a po jego up\u0142ywie przez okres niezb\u0119dny do: posprzeda\u017cowej obs\u0142ugi klient\u00f3w, zabezpieczenia lub dochodzenia roszcze\u0144 przys\u0142uguj\u0105cych Administratorowi, lub do wype\u0142nienia obowi\u0105zku prawnego  Administratora.<\/p>\r\n\r\n\r\n\r\n<p>Dane\r\nosobowe przetwarzane na podstawie odr\u0119bnej zgody  b\u0119d\u0105\r\nprzechowywane do czasu jej odwo\u0142ania.<\/p>\r\n\r\n\r\n\r\n<p><strong>UPRAWNIENIA U\u017bYTKOWNIKA<\/strong><\/p>\r\n\r\n\r\n\r\n<p>Uprawnienia osoby, kt\u00f3rej dotycz\u0105 dane osobowe:<\/p>\r\n\r\n\r\n\r\n<p>-prawo dost\u0119pu do tre\u015bci swoich danych osobowych, czyli prawo do uzyskania potwierdzenia czy Administrator przetwarza dane oraz informacji dotycz\u0105cych takiego przetwarzania,<br>-prawo do sprostowania danych, ich aktualizacji, gdy tego wymaga prawo,<br>-prawo \u017c\u0105dania usuni\u0119cia danych, ograniczenia przetwarzania danych,<br>-prawo wniesienia sprzeciwu wobec przetwarzania danych na podstawie uzasadnionego interesu Administratora.<br>-prawo wniesienia skargi do organu nadzorczego, kt\u00f3rym w przypadku Administratora jest Przewodnicz\u0105cy Komisji Ochrony Danych Osobowych w Ko\u015bciele Zielono\u015bwi\u0105tkowym w RP.<br>-prawo do cofni\u0119cia zgody w dowolnym momencie, bez wp\u0142ywu na zgodno\u015b\u0107 z prawem przetwarzania, kt\u00f3rego dokonano na podstawie zgody przed jej cofni\u0119ciem.<\/p>\r\n\r\n\r\n\r\n<p><strong>DANE ZBIERANE AUTOMATYCZNIE<\/strong><\/p>\r\n\r\n\r\n\r\n<p>Serwis nie\u00a0zbiera w\u00a0spos\u00f3b automatyczny \u017cadnych informacji, z\u00a0wyj\u0105tkiem informacji zawartych w\u00a0plikach cookies, zgodnie z polityk\u0105 coockies opisan\u0105 w https:\/\/arkadruk.pl\/cookies\/<\/p>\r\n\r\n\r\n\r\n<p><strong>KONTAKT W SPRAWIE DANYCH OSOBOWYCH<\/strong><\/p>\r\n\r\n\r\n\r\n<p>Wszelkie sprawy, zg\u0142oszenia czy \u017c\u0105dania dotycz\u0105ce danych osobowych mo\u017cna zg\u0142asza\u0107 do Administratora:<\/p>\r\n\r\n\r\n\r\n<p>-wysy\u0142aj\u0105c wiadomo\u015b\u0107 e-mail na adres: arka@arkadruk.pl,<br>-listownie na adres: Wydawnictwo Arka ul. B\u0142ogocka 28  43-400 Cieszyn<\/p>\r\n","protected":false},"excerpt":{"rendered":"<p>DEFINICJE ADMINISTRATOR \u2013 WYDAWNICTWO ARKA Z SIEDZIB\u0104 43-400 CIESZYN ul. B\u0141OGOCKA 28, NIP PL 5482126899 U\u017bYTKOWNIK\/KLIENT \u2013 ka\u017cda osoba fizyczna odwiedzaj\u0105ca stron\u0119 www. lub korzystaj\u0105ca cho\u0107by z jednej oferowanych przez Administratora us\u0142ug. RODO \u2013 Rozporz\u0105dzenie Parlamentu Europejskiego i Rady(UE) 2016\/679 z dnia 27 kwietnia 2016 r. w sprawie ochrony os\u00f3b fizycznych w zwi\u0105zku z przetwarzaniem<\/p>\n","protected":false},"author":1,"featured_media":0,"parent":0,"menu_order":0,"comment_status":"closed","ping_status":"closed","template":"","meta":{"footnotes":""},"class_list":["post-2430","page","type-page","status-publish","hentry"],"yoast_head":"<!-- This site is optimized with the Yoast SEO plugin v26.6 - https:\/\/yoast.com\/wordpress\/plugins\/seo\/ -->\n<title>Polityka prywatno\u015bci - Drukarnia Wydawnictwa ARKA<\/title>\n<meta name=\"robots\" content=\"index, follow, max-snippet:-1, max-image-preview:large, max-video-preview:-1\" \/>\n<link rel=\"canonical\" href=\"https:\/\/arkadruk.pl\/en\/polityka-prywatnosci-2\/\" \/>\n<meta property=\"og:locale\" content=\"en_US\" \/>\n<meta property=\"og:type\" content=\"article\" \/>\n<meta property=\"og:title\" content=\"Polityka prywatno\u015bci - Drukarnia Wydawnictwa ARKA\" \/>\n<meta property=\"og:description\" content=\"DEFINICJE ADMINISTRATOR \u2013 WYDAWNICTWO ARKA Z SIEDZIB\u0104 43-400 CIESZYN ul. B\u0141OGOCKA 28, NIP PL 5482126899 U\u017bYTKOWNIK\/KLIENT \u2013 ka\u017cda osoba fizyczna odwiedzaj\u0105ca stron\u0119 www. lub korzystaj\u0105ca cho\u0107by z jednej oferowanych przez Administratora us\u0142ug. RODO \u2013 Rozporz\u0105dzenie Parlamentu Europejskiego i Rady(UE) 2016\/679 z dnia 27 kwietnia 2016 r. w sprawie ochrony os\u00f3b fizycznych w zwi\u0105zku z przetwarzaniem\" \/>\n<meta property=\"og:url\" content=\"https:\/\/arkadruk.pl\/en\/polityka-prywatnosci-2\/\" \/>\n<meta property=\"og:site_name\" content=\"Drukarnia Wydawnictwa ARKA\" \/>\n<meta property=\"article:publisher\" content=\"https:\/\/www.facebook.com\/ArkadrukCieszyn\/\" \/>\n<meta property=\"article:modified_time\" content=\"2023-05-26T08:21:53+00:00\" \/>\n<meta property=\"og:image\" content=\"https:\/\/arkadruk.pl\/wp-content\/uploads\/2019\/03\/pictogramarka-1.jpg\" \/>\n\t<meta property=\"og:image:width\" content=\"32\" \/>\n\t<meta property=\"og:image:height\" content=\"32\" \/>\n\t<meta property=\"og:image:type\" content=\"image\/jpeg\" \/>\n<meta name=\"twitter:card\" content=\"summary_large_image\" \/>\n<script type=\"application\/ld+json\" class=\"yoast-schema-graph\">{\"@context\":\"https:\/\/schema.org\",\"@graph\":[{\"@type\":\"WebPage\",\"@id\":\"https:\/\/arkadruk.pl\/en\/polityka-prywatnosci-2\/\",\"url\":\"https:\/\/arkadruk.pl\/en\/polityka-prywatnosci-2\/\",\"name\":\"Polityka prywatno\u015bci - Drukarnia Wydawnictwa ARKA\",\"isPartOf\":{\"@id\":\"https:\/\/arkadruk.pl\/en\/#website\"},\"datePublished\":\"2019-05-30T11:13:29+00:00\",\"dateModified\":\"2023-05-26T08:21:53+00:00\",\"breadcrumb\":{\"@id\":\"https:\/\/arkadruk.pl\/en\/polityka-prywatnosci-2\/#breadcrumb\"},\"inLanguage\":\"en-US\",\"potentialAction\":[{\"@type\":\"ReadAction\",\"target\":[\"https:\/\/arkadruk.pl\/en\/polityka-prywatnosci-2\/\"]}]},{\"@type\":\"BreadcrumbList\",\"@id\":\"https:\/\/arkadruk.pl\/en\/polityka-prywatnosci-2\/#breadcrumb\",\"itemListElement\":[{\"@type\":\"ListItem\",\"position\":1,\"name\":\"Strona g\u0142\u00f3wna\",\"item\":\"https:\/\/arkadruk.pl\/en\/\"},{\"@type\":\"ListItem\",\"position\":2,\"name\":\"Polityka prywatno\u015bci\"}]},{\"@type\":\"WebSite\",\"@id\":\"https:\/\/arkadruk.pl\/en\/#website\",\"url\":\"https:\/\/arkadruk.pl\/en\/\",\"name\":\"Drukarnia Wydawnictwa ARKA\",\"description\":\"Druk offsetowy, cyfrowy, oprawa - Arkadruk Cieszyn PL\",\"potentialAction\":[{\"@type\":\"SearchAction\",\"target\":{\"@type\":\"EntryPoint\",\"urlTemplate\":\"https:\/\/arkadruk.pl\/en\/?s={search_term_string}\"},\"query-input\":{\"@type\":\"PropertyValueSpecification\",\"valueRequired\":true,\"valueName\":\"search_term_string\"}}],\"inLanguage\":\"en-US\"}]}<\/script>\n<!-- \/ Yoast SEO plugin. -->","yoast_head_json":{"title":"Polityka prywatno\u015bci - Drukarnia Wydawnictwa ARKA","robots":{"index":"index","follow":"follow","max-snippet":"max-snippet:-1","max-image-preview":"max-image-preview:large","max-video-preview":"max-video-preview:-1"},"canonical":"https:\/\/arkadruk.pl\/en\/polityka-prywatnosci-2\/","og_locale":"en_US","og_type":"article","og_title":"Polityka prywatno\u015bci - Drukarnia Wydawnictwa ARKA","og_description":"DEFINICJE ADMINISTRATOR \u2013 WYDAWNICTWO ARKA Z SIEDZIB\u0104 43-400 CIESZYN ul. B\u0141OGOCKA 28, NIP PL 5482126899 U\u017bYTKOWNIK\/KLIENT \u2013 ka\u017cda osoba fizyczna odwiedzaj\u0105ca stron\u0119 www. lub korzystaj\u0105ca cho\u0107by z jednej oferowanych przez Administratora us\u0142ug. RODO \u2013 Rozporz\u0105dzenie Parlamentu Europejskiego i Rady(UE) 2016\/679 z dnia 27 kwietnia 2016 r. w sprawie ochrony os\u00f3b fizycznych w zwi\u0105zku z przetwarzaniem","og_url":"https:\/\/arkadruk.pl\/en\/polityka-prywatnosci-2\/","og_site_name":"Drukarnia Wydawnictwa ARKA","article_publisher":"https:\/\/www.facebook.com\/ArkadrukCieszyn\/","article_modified_time":"2023-05-26T08:21:53+00:00","og_image":[{"width":32,"height":32,"url":"https:\/\/arkadruk.pl\/wp-content\/uploads\/2019\/03\/pictogramarka-1.jpg","type":"image\/jpeg"}],"twitter_card":"summary_large_image","schema":{"@context":"https:\/\/schema.org","@graph":[{"@type":"WebPage","@id":"https:\/\/arkadruk.pl\/en\/polityka-prywatnosci-2\/","url":"https:\/\/arkadruk.pl\/en\/polityka-prywatnosci-2\/","name":"Polityka prywatno\u015bci - Drukarnia Wydawnictwa ARKA","isPartOf":{"@id":"https:\/\/arkadruk.pl\/en\/#website"},"datePublished":"2019-05-30T11:13:29+00:00","dateModified":"2023-05-26T08:21:53+00:00","breadcrumb":{"@id":"https:\/\/arkadruk.pl\/en\/polityka-prywatnosci-2\/#breadcrumb"},"inLanguage":"en-US","potentialAction":[{"@type":"ReadAction","target":["https:\/\/arkadruk.pl\/en\/polityka-prywatnosci-2\/"]}]},{"@type":"BreadcrumbList","@id":"https:\/\/arkadruk.pl\/en\/polityka-prywatnosci-2\/#breadcrumb","itemListElement":[{"@type":"ListItem","position":1,"name":"Strona g\u0142\u00f3wna","item":"https:\/\/arkadruk.pl\/en\/"},{"@type":"ListItem","position":2,"name":"Polityka prywatno\u015bci"}]},{"@type":"WebSite","@id":"https:\/\/arkadruk.pl\/en\/#website","url":"https:\/\/arkadruk.pl\/en\/","name":"Drukarnia Wydawnictwa ARKA","description":"Druk offsetowy, cyfrowy, oprawa - Arkadruk Cieszyn PL","potentialAction":[{"@type":"SearchAction","target":{"@type":"EntryPoint","urlTemplate":"https:\/\/arkadruk.pl\/en\/?s={search_term_string}"},"query-input":{"@type":"PropertyValueSpecification","valueRequired":true,"valueName":"search_term_string"}}],"inLanguage":"en-US"}]}},"_links":{"self":[{"href":"https:\/\/arkadruk.pl\/en\/wp-json\/wp\/v2\/pages\/2430","targetHints":{"allow":["GET"]}}],"collection":[{"href":"https:\/\/arkadruk.pl\/en\/wp-json\/wp\/v2\/pages"}],"about":[{"href":"https:\/\/arkadruk.pl\/en\/wp-json\/wp\/v2\/types\/page"}],"author":[{"embeddable":true,"href":"https:\/\/arkadruk.pl\/en\/wp-json\/wp\/v2\/users\/1"}],"replies":[{"embeddable":true,"href":"https:\/\/arkadruk.pl\/en\/wp-json\/wp\/v2\/comments?post=2430"}],"version-history":[{"count":8,"href":"https:\/\/arkadruk.pl\/en\/wp-json\/wp\/v2\/pages\/2430\/revisions"}],"predecessor-version":[{"id":2943,"href":"https:\/\/arkadruk.pl\/en\/wp-json\/wp\/v2\/pages\/2430\/revisions\/2943"}],"wp:attachment":[{"href":"https:\/\/arkadruk.pl\/en\/wp-json\/wp\/v2\/media?parent=2430"}],"curies":[{"name":"wp","href":"https:\/\/api.w.org\/{rel}","templated":true}]}}